{"id":1017,"date":"2024-04-22T13:41:59","date_gmt":"2024-04-22T16:41:59","guid":{"rendered":"http:\/\/novoppgcited.cavg.ifsul.edu.br\/?page_id=1017"},"modified":"2025-02-11T00:16:26","modified_gmt":"2025-02-11T03:16:26","slug":"adriane","status":"publish","type":"page","link":"https:\/\/ppgcited.cavg.ifsul.edu.br\/index.php\/adriane\/","title":{"rendered":"Adriane Menezes"},"content":{"rendered":"\r\n<p class=\"has-vivid-green-cyan-color has-text-color has-link-color has-large-font-size wp-elements-9642b7b2a783184a657ac44a0bbe59b1\"><strong>2023<\/strong><\/p>\r\n\r\n\r\n\r\n<div class=\"wp-block-columns is-layout-flex wp-container-core-columns-is-layout-9d6595d7 wp-block-columns-is-layout-flex\">\r\n<div class=\"wp-block-column is-layout-flow wp-block-column-is-layout-flow\" style=\"flex-basis: 66.66%;\">\r\n<p class=\"has-small-font-size\"><strong>Autor: <\/strong><a class=\"ek-link\" href=\"https:\/\/buscatextual.cnpq.br\/buscatextual\/visualizacv.do?metodo=apresentar&amp;id=K4262271A2\" target=\"_blank\" rel=\"noreferrer noopener\" aria-label=\"Ant\u00f4nio Carlos Barum Brod (opens in a new tab)\">Ant\u00f4nio Carlos Barum Brod<\/a><\/p>\r\n\r\n\r\n\r\n<div class=\"wp-block-spacer\" style=\"height: 1px;\" aria-hidden=\"true\">\u00a0<\/div>\r\n\r\n\r\n\r\n<p class=\"has-text-align-justify has-small-font-size\"><strong>T\u00edtulo: <\/strong>PROJETO DE EXTENS\u00c3O COMO ESTRAT\u00c9GIA PEDAG\u00d3GICA PARA AMPLIAR A PERCEP\u00c7\u00c3O DE PERTENCIMENTO DOS ESTUDANTES DO IFSUL \u00c0S TEM\u00c1TICAS AMBIENTAIS<\/p>\r\n\r\n\r\n\r\n<div class=\"wp-block-spacer\" style=\"height: 1px;\" aria-hidden=\"true\">\u00a0<\/div>\r\n\r\n\r\n\r\n<p class=\"has-small-font-size\"><strong>Orientadora: <\/strong>Profa. Dra. Adriane Maria Delgado Menezes<\/p>\r\n\r\n\r\n\r\n<div class=\"wp-block-spacer\" style=\"height: 1px;\" aria-hidden=\"true\">\u00a0<\/div>\r\n\r\n\r\n\r\n<p class=\"has-small-font-size\"><strong>Coorientadora: <\/strong>Profa. Dra. Gisela Loureiro Duarte<\/p>\r\n<\/div>\r\n\r\n\r\n\r\n<div class=\"wp-block-column is-layout-flow wp-block-column-is-layout-flow\" style=\"flex-basis: 33.33%;\">\r\n<div class=\"wp-block-spacer\" style=\"height: 65px;\" aria-hidden=\"true\">\u00a0<\/div>\r\n\r\n\r\n\r\n<div class=\"wp-block-buttons is-content-justification-center is-layout-flex wp-container-core-buttons-is-layout-16018d1d wp-block-buttons-is-layout-flex\">\r\n<div class=\"wp-block-button has-custom-width wp-block-button__width-100 has-custom-font-size has-small-font-size\"><a class=\"wp-block-button__link has-vivid-green-cyan-background-color has-background wp-element-button\" href=\"https:\/\/ppgcited.cavg.ifsul.edu.br\/wp-content\/uploads\/2024\/04\/antonio_brod_dissertacao.pdf\" target=\"_blank\" rel=\"noreferrer noopener\">Disserta\u00e7\u00e3o<\/a><\/div>\r\n<\/div>\r\n\r\n\r\n\r\n<div class=\"wp-block-spacer\" style=\"height: 36px;\" aria-hidden=\"true\">\u00a0<\/div>\r\n\r\n\r\n\r\n<div class=\"wp-block-buttons is-content-justification-center is-layout-flex wp-container-core-buttons-is-layout-16018d1d wp-block-buttons-is-layout-flex\">\r\n<div class=\"wp-block-button has-custom-width wp-block-button__width-100 has-custom-font-size has-small-font-size\"><a class=\"wp-block-button__link has-vivid-green-cyan-background-color has-background wp-element-button\" href=\"https:\/\/ppgcited.cavg.ifsul.edu.br\/wp-content\/uploads\/2024\/04\/antonio_brod_produto_educacional.pdf\" target=\"_blank\" rel=\"noreferrer noopener\">Produto Educacional<\/a><\/div>\r\n<\/div>\r\n<\/div>\r\n<\/div>\r\n\r\n\r\n\r\n<div class=\"wp-block-spacer\" style=\"height: 19px;\" aria-hidden=\"true\">\u00a0<\/div>\r\n\r\n\r\n\r\n<p class=\"has-vivid-green-cyan-color has-text-color has-link-color has-large-font-size wp-elements-0441578019a3ce7433065d327963cae1\"><strong>2018<\/strong><\/p>\r\n\r\n\r\n\r\n<div class=\"wp-block-columns is-layout-flex wp-container-core-columns-is-layout-9d6595d7 wp-block-columns-is-layout-flex\">\r\n<div class=\"wp-block-column is-layout-flow wp-block-column-is-layout-flow\" style=\"flex-basis: 66.66%;\">\r\n<p class=\"has-small-font-size\"><strong>Autor: <\/strong><a class=\"ek-link\" href=\"https:\/\/buscatextual.cnpq.br\/buscatextual\/visualizacv.do?id=K4233994Z3\" target=\"_blank\" rel=\"noreferrer noopener\" aria-label=\" (opens in a new tab)\">Ros\u00e9lia Souza de Oliveira<\/a><\/p>\r\n\r\n\r\n\r\n<div class=\"wp-block-spacer\" style=\"height: 1px;\" aria-hidden=\"true\">\u00a0<\/div>\r\n\r\n\r\n\r\n<p class=\"has-text-align-justify has-small-font-size\"><strong>T\u00edtulo: <\/strong><span class=\"uppercase\">Metodologia ativa como possibilidade para (re)significar o ensino de contabilidade de custos<\/span><\/p>\r\n\r\n\r\n\r\n<div class=\"wp-block-spacer\" style=\"height: 1px;\" aria-hidden=\"true\">\u00a0<\/div>\r\n\r\n\r\n\r\n<p class=\"has-small-font-size\"><strong>Orientadora: <\/strong>Profa. Dra. Adriane Maria Delgado Menezes<\/p>\r\n\r\n\r\n\r\n<div class=\"wp-block-spacer\" style=\"height: 1px;\" aria-hidden=\"true\">\u00a0<\/div>\r\n<\/div>\r\n\r\n\r\n\r\n<div class=\"wp-block-column is-layout-flow wp-block-column-is-layout-flow\" style=\"flex-basis: 33.33%;\">\r\n<div class=\"wp-block-spacer\" style=\"height: 16px;\" aria-hidden=\"true\">\u00a0<\/div>\r\n\r\n\r\n\r\n<div class=\"wp-block-buttons is-content-justification-center is-layout-flex wp-container-core-buttons-is-layout-16018d1d wp-block-buttons-is-layout-flex\">\r\n<div class=\"wp-block-button has-custom-width wp-block-button__width-100 has-custom-font-size has-small-font-size\"><a class=\"wp-block-button__link has-vivid-green-cyan-background-color has-background wp-element-button\" href=\"https:\/\/ppgcited.cavg.ifsul.edu.br\/wp-content\/uploads\/2024\/04\/roselia_dissertacao.pdf\" target=\"_blank\" rel=\"noreferrer noopener\">Disserta\u00e7\u00e3o<\/a><\/div>\r\n<\/div>\r\n\r\n\r\n\r\n<div class=\"wp-block-spacer\" style=\"height: 36px;\" aria-hidden=\"true\">\u00a0<\/div>\r\n\r\n\r\n\r\n<div class=\"wp-block-buttons is-content-justification-center is-layout-flex wp-container-core-buttons-is-layout-16018d1d wp-block-buttons-is-layout-flex\">\r\n<div class=\"wp-block-button has-custom-width wp-block-button__width-100 has-custom-font-size has-small-font-size\"><a class=\"wp-block-button__link has-vivid-green-cyan-background-color has-background wp-element-button\" href=\"https:\/\/ppgcited.cavg.ifsul.edu.br\/wp-content\/uploads\/2024\/04\/roselia_produto_educacional.pdf\" target=\"_blank\" rel=\"noreferrer noopener\">Produto Educacional<\/a><\/div>\r\n<\/div>\r\n<\/div>\r\n<\/div>\r\n\r\n\r\n\r\n<div class=\"wp-block-spacer\" style=\"height: 19px;\" aria-hidden=\"true\">\u00a0<\/div>\r\n\r\n\r\n\r\n<p class=\"has-vivid-green-cyan-color has-text-color has-link-color has-large-font-size wp-elements-b85329572292fd5ef672ed645140546c\"><strong>2017<\/strong><\/p>\r\n\r\n\r\n\r\n<div class=\"wp-block-columns is-layout-flex wp-container-core-columns-is-layout-9d6595d7 wp-block-columns-is-layout-flex\">\r\n<div class=\"wp-block-column is-layout-flow wp-block-column-is-layout-flow\" style=\"flex-basis: 66.66%;\">\r\n<p class=\"has-small-font-size\"><strong>Autor: <\/strong><a class=\"ek-link\" href=\"https:\/\/buscatextual.cnpq.br\/buscatextual\/visualizacv.do?metodo=apresentar&amp;id=K4422476H4\" target=\"_blank\" rel=\"noreferrer noopener\" aria-label=\"Eliz\u00e2ngela Macedo Torres (opens in a new tab)\">Eliz\u00e2ngela Macedo Torres<\/a><\/p>\r\n\r\n\r\n\r\n<div class=\"wp-block-spacer\" style=\"height: 1px;\" aria-hidden=\"true\">\u00a0<\/div>\r\n\r\n\r\n\r\n<p class=\"has-text-align-justify has-small-font-size\"><strong>T\u00edtulo: <\/strong><span class=\"uppercase\">O ensino de ci\u00eancias no ciclo de alfabetiza\u00e7\u00e3o na EMEF Benjamin Constant \u2013 Arroio do Padre\/RS: um estudo de caso<\/span><\/p>\r\n\r\n\r\n\r\n<div class=\"wp-block-spacer\" style=\"height: 1px;\" aria-hidden=\"true\">\u00a0<\/div>\r\n\r\n\r\n\r\n<p class=\"has-small-font-size\"><strong>Orientadora: <\/strong>Profa. Dra. Adriane Maria Delgado Menezes<\/p>\r\n\r\n\r\n\r\n<div class=\"wp-block-spacer\" style=\"height: 1px;\" aria-hidden=\"true\">\u00a0<\/div>\r\n\r\n\r\n\r\n<p class=\"has-small-font-size\"><strong>Coorientadora: <\/strong>Profa. Dra. Vera Lucia Bobrowski<\/p>\r\n<\/div>\r\n\r\n\r\n\r\n<div class=\"wp-block-column is-layout-flow wp-block-column-is-layout-flow\" style=\"flex-basis: 33.33%;\">\r\n<div class=\"wp-block-spacer\" style=\"height: 87px;\" aria-hidden=\"true\">\u00a0<\/div>\r\n\r\n\r\n\r\n<div class=\"wp-block-buttons is-content-justification-center is-layout-flex wp-container-core-buttons-is-layout-16018d1d wp-block-buttons-is-layout-flex\">\r\n<div class=\"wp-block-button has-custom-width wp-block-button__width-100 has-custom-font-size has-small-font-size\"><a class=\"wp-block-button__link has-vivid-green-cyan-background-color has-background wp-element-button\" href=\"https:\/\/ppgcited.cavg.ifsul.edu.br\/wp-content\/uploads\/2024\/04\/elizangela_torres_dissertacao.pdf\" target=\"_blank\" rel=\"noreferrer noopener\">Disserta\u00e7\u00e3o<\/a><\/div>\r\n<\/div>\r\n\r\n\r\n\r\n<div class=\"wp-block-spacer\" style=\"height: 36px;\" aria-hidden=\"true\">\u00a0<\/div>\r\n\r\n\r\n\r\n<div class=\"wp-block-buttons is-content-justification-center is-layout-flex wp-container-core-buttons-is-layout-16018d1d wp-block-buttons-is-layout-flex\">\r\n<div class=\"wp-block-button has-custom-width wp-block-button__width-100 has-custom-font-size has-small-font-size\"><a class=\"wp-block-button__link has-vivid-green-cyan-background-color has-background wp-element-button\" href=\"https:\/\/ppgcited.cavg.ifsul.edu.br\/wp-content\/uploads\/2024\/04\/elizangela_torres_produto_educacional.pdf\" target=\"_blank\" rel=\"noreferrer noopener\">Produto Educacional<\/a><\/div>\r\n<\/div>\r\n<\/div>\r\n<\/div>\r\n\r\n\r\n\r\n<p class=\"has-vivid-green-cyan-color has-text-color has-link-color has-large-font-size wp-elements-2b7e41f724966c07baae2e7d121cbfc2\"><strong>2016<\/strong><\/p>\r\n\r\n\r\n\r\n<div class=\"wp-block-columns is-layout-flex wp-container-core-columns-is-layout-9d6595d7 wp-block-columns-is-layout-flex\">\r\n<div class=\"wp-block-column is-layout-flow wp-block-column-is-layout-flow\" style=\"flex-basis: 66.66%;\">\r\n<p class=\"has-small-font-size\"><strong>Autor: <\/strong><a class=\"ek-link\" href=\"https:\/\/buscatextual.cnpq.br\/buscatextual\/visualizacv.do?metodo=apresentar&amp;id=K4263635A2\" target=\"_blank\" rel=\"noreferrer noopener\" aria-label=\"Joseane A. P. do Amaral (opens in a new tab)\">Joseane A. P. do Amaral<\/a><\/p>\r\n\r\n\r\n\r\n<div class=\"wp-block-spacer\" style=\"height: 1px;\" aria-hidden=\"true\">\u00a0<\/div>\r\n\r\n\r\n\r\n<p class=\"has-text-align-justify has-small-font-size\"><strong>T\u00edtulo: <\/strong><span class=\"uppercase\">Desenvolvimento de habilidades cognitivas e empreendedoras atrav\u00e9s do jogo de xadrez<\/span><\/p>\r\n\r\n\r\n\r\n<div class=\"wp-block-spacer\" style=\"height: 1px;\" aria-hidden=\"true\">\u00a0<\/div>\r\n\r\n\r\n\r\n<p class=\"has-small-font-size\"><strong>Orientadora: <\/strong>Profa. Dra. Adriane Maria Delgado Menezes<\/p>\r\n\r\n\r\n\r\n<div class=\"wp-block-spacer\" style=\"height: 1px;\" aria-hidden=\"true\">\u00a0<\/div>\r\n\r\n\r\n\r\n<p class=\"has-small-font-size\"><strong>Coorientador: <\/strong>Prof. Dr. Rafael Montoito Teixeira<\/p>\r\n<\/div>\r\n\r\n\r\n\r\n<div class=\"wp-block-column is-layout-flow wp-block-column-is-layout-flow\" style=\"flex-basis: 33.33%;\">\r\n<div class=\"wp-block-spacer\" style=\"height: 49px;\" aria-hidden=\"true\">\u00a0<\/div>\r\n\r\n\r\n\r\n<div class=\"wp-block-buttons is-content-justification-center is-layout-flex wp-container-core-buttons-is-layout-16018d1d wp-block-buttons-is-layout-flex\">\r\n<div class=\"wp-block-button has-custom-width wp-block-button__width-100 has-custom-font-size has-small-font-size\"><a class=\"wp-block-button__link has-vivid-green-cyan-background-color has-background wp-element-button\" href=\"https:\/\/ppgcited.cavg.ifsul.edu.br\/wp-content\/uploads\/2024\/04\/joseane_amaral_dissertacao.pdf\" target=\"_blank\" rel=\"noreferrer noopener\">Disserta\u00e7\u00e3o<\/a><\/div>\r\n<\/div>\r\n\r\n\r\n\r\n<div class=\"wp-block-spacer\" style=\"height: 36px;\" aria-hidden=\"true\">\u00a0<\/div>\r\n\r\n\r\n\r\n<div class=\"wp-block-buttons is-content-justification-center is-layout-flex wp-container-core-buttons-is-layout-16018d1d wp-block-buttons-is-layout-flex\">\r\n<div class=\"wp-block-button has-custom-width wp-block-button__width-100 has-custom-font-size has-small-font-size\"><a class=\"wp-block-button__link has-vivid-green-cyan-background-color has-background wp-element-button\" href=\"https:\/\/youtu.be\/-9VCSMTvY5o\" target=\"_blank\" rel=\"noreferrer noopener\">Produto Educacional<\/a><\/div>\r\n<\/div>\r\n<\/div>\r\n<\/div>\r\n\r\n\r\n\r\n<div class=\"wp-block-spacer\" style=\"height: 19px;\" aria-hidden=\"true\">\u00a0<\/div>\r\n\r\n\r\n<hr class=\"wp-block-separator has-alpha-channel-opacity\" \/>\r\n\r\n\r\n<div class=\"wp-block-spacer\" style=\"height: 19px;\" aria-hidden=\"true\">\u00a0<\/div>\r\n\r\n\r\n\r\n<div class=\"wp-block-columns is-layout-flex wp-container-core-columns-is-layout-9d6595d7 wp-block-columns-is-layout-flex\">\r\n<div class=\"wp-block-column is-layout-flow wp-block-column-is-layout-flow\" style=\"flex-basis: 66.66%;\">\r\n<p class=\"has-small-font-size\"><strong>Autor: <\/strong><a class=\"ek-link\" href=\"https:\/\/buscatextual.cnpq.br\/buscatextual\/visualizacv.do?metodo=apresentar&amp;id=K4247602E8\" target=\"_blank\" rel=\"noreferrer noopener\" aria-label=\"Raquel Brum Abib (opens in a new tab)\">Raquel Brum Abib<\/a><\/p>\r\n\r\n\r\n\r\n<div class=\"wp-block-spacer\" style=\"height: 1px;\" aria-hidden=\"true\">\u00a0<\/div>\r\n\r\n\r\n\r\n<p class=\"has-text-align-justify has-small-font-size\"><strong>T\u00edtulo: <\/strong><span class=\"uppercase\">Modelagem matem\u00e1tica: um estudo de caso com professores da rede de ensino de Piratini<\/span><\/p>\r\n\r\n\r\n\r\n<div class=\"wp-block-spacer\" style=\"height: 1px;\" aria-hidden=\"true\">\u00a0<\/div>\r\n\r\n\r\n\r\n<p class=\"has-small-font-size\"><strong>Orientadora: <\/strong>Profa. Dra. Adriane Maria Delgado Menezes<\/p>\r\n\r\n\r\n\r\n<div class=\"wp-block-spacer\" style=\"height: 1px;\" aria-hidden=\"true\">\u00a0<\/div>\r\n<\/div>\r\n\r\n\r\n\r\n<div class=\"wp-block-column is-layout-flow wp-block-column-is-layout-flow\" style=\"flex-basis: 33.33%;\">\r\n<div class=\"wp-block-spacer\" style=\"height: 44px;\" aria-hidden=\"true\">\u00a0<\/div>\r\n\r\n\r\n\r\n<div class=\"wp-block-buttons is-content-justification-center is-layout-flex wp-container-core-buttons-is-layout-16018d1d wp-block-buttons-is-layout-flex\">\r\n<div class=\"wp-block-button has-custom-width wp-block-button__width-100 has-custom-font-size has-small-font-size\"><a class=\"wp-block-button__link has-vivid-green-cyan-background-color has-background wp-element-button\" href=\"https:\/\/ppgcited.cavg.ifsul.edu.br\/wp-content\/uploads\/2024\/04\/raquel_abib_dissertacao.pdf\" target=\"_blank\" rel=\"noreferrer noopener\">Disserta\u00e7\u00e3o<\/a><\/div>\r\n<\/div>\r\n\r\n\r\n\r\n<div class=\"wp-block-spacer\" style=\"height: 36px;\" aria-hidden=\"true\">\u00a0<\/div>\r\n\r\n\r\n\r\n<div class=\"wp-block-buttons is-content-justification-center is-layout-flex wp-container-core-buttons-is-layout-16018d1d wp-block-buttons-is-layout-flex\">\r\n<div class=\"wp-block-button has-custom-width wp-block-button__width-100 has-custom-font-size has-small-font-size\"><a class=\"wp-block-button__link has-vivid-green-cyan-background-color has-background wp-element-button\" href=\"https:\/\/ppgcited.cavg.ifsul.edu.br\/wp-content\/uploads\/2024\/04\/raquel_abib_produto_educacional.pdf\" target=\"_blank\" rel=\"noreferrer noopener\">Produto Educacional<\/a><\/div>\r\n<\/div>\r\n<\/div>\r\n<\/div>\r\n\r\n\r\n\r\n<div class=\"wp-block-spacer\" style=\"height: 19px;\" aria-hidden=\"true\">\u00a0<\/div>\r\n\r\n\r\n<hr class=\"wp-block-separator has-alpha-channel-opacity\" \/>\r\n\r\n\r\n<div class=\"wp-block-spacer\" style=\"height: 19px;\" aria-hidden=\"true\">\u00a0<\/div>\r\n\r\n\r\n\r\n<div class=\"wp-block-columns is-layout-flex wp-container-core-columns-is-layout-9d6595d7 wp-block-columns-is-layout-flex\">\r\n<div class=\"wp-block-column is-layout-flow wp-block-column-is-layout-flow\" style=\"flex-basis: 66.66%;\">\r\n<p class=\"has-small-font-size\"><strong>Autor: <\/strong><a class=\"ek-link\" href=\"https:\/\/buscatextual.cnpq.br\/buscatextual\/visualizacv.do?metodo=apresentar&amp;id=K4427371H7\" target=\"_blank\" rel=\"noreferrer noopener\" aria-label=\"Tania Cristina Silva Duarte (opens in a new tab)\">Tania Cristina Silva Duarte<\/a><\/p>\r\n\r\n\r\n\r\n<div class=\"wp-block-spacer\" style=\"height: 1px;\" aria-hidden=\"true\">\u00a0<\/div>\r\n\r\n\r\n\r\n<p class=\"has-text-align-justify has-small-font-size\"><strong>T\u00edtulo: <\/strong>T<span class=\"uppercase\">ecnologias na Ensino de Matem\u00e1tica: Uso do Software Geogebra no Estudo de Tri\u00e2ngulos.<\/span><\/p>\r\n\r\n\r\n\r\n<div class=\"wp-block-spacer\" style=\"height: 1px;\" aria-hidden=\"true\">\u00a0<\/div>\r\n\r\n\r\n\r\n<p class=\"has-small-font-size\"><strong>Orientadora: <\/strong>Profa. Dra. Adriane Maria Delgado Menezes<\/p>\r\n\r\n\r\n\r\n<div class=\"wp-block-spacer\" style=\"height: 1px;\" aria-hidden=\"true\">\u00a0<\/div>\r\n\r\n\r\n\r\n<p class=\"has-small-font-size\"><strong>Coorientadora: <\/strong>Profa. Dra. Maria Elaine dos Santos Soares<\/p>\r\n<\/div>\r\n\r\n\r\n\r\n<div class=\"wp-block-column is-layout-flow wp-block-column-is-layout-flow\" style=\"flex-basis: 33.33%;\">\r\n<div class=\"wp-block-spacer\" style=\"height: 87px;\" aria-hidden=\"true\">\u00a0<\/div>\r\n\r\n\r\n\r\n<div class=\"wp-block-buttons is-content-justification-center is-layout-flex wp-container-core-buttons-is-layout-16018d1d wp-block-buttons-is-layout-flex\">\r\n<div class=\"wp-block-button has-custom-width wp-block-button__width-100 has-custom-font-size has-small-font-size\"><a class=\"wp-block-button__link has-vivid-green-cyan-background-color has-background wp-element-button\" href=\"https:\/\/ppgcited.cavg.ifsul.edu.br\/wp-content\/uploads\/2024\/04\/Tania_Duarte_dissertacao.pdf\" target=\"_blank\" rel=\"noreferrer noopener\">Disserta\u00e7\u00e3o<\/a><\/div>\r\n<\/div>\r\n\r\n\r\n\r\n<div class=\"wp-block-spacer\" style=\"height: 36px;\" aria-hidden=\"true\">\u00a0<\/div>\r\n\r\n\r\n\r\n<div class=\"wp-block-buttons is-content-justification-center is-layout-flex wp-container-core-buttons-is-layout-16018d1d wp-block-buttons-is-layout-flex\">\r\n<div class=\"wp-block-button has-custom-width wp-block-button__width-100 has-custom-font-size has-small-font-size\"><a class=\"wp-block-button__link has-vivid-green-cyan-background-color has-background wp-element-button\" href=\"https:\/\/ppgcited.cavg.ifsul.edu.br\/wp-content\/uploads\/2024\/04\/Tania_Duarte_produto_educacional.pdf\" target=\"_blank\" rel=\"noreferrer noopener\">Produto Educacional<\/a><\/div>\r\n<\/div>\r\n<\/div>\r\n<\/div>\r\n\r\n\r\n\r\n<div class=\"wp-block-spacer\" style=\"height: 19px;\" aria-hidden=\"true\">\u00a0<\/div>\r\n","protected":false},"excerpt":{"rendered":"<p>2023 Autor: Ant\u00f4nio Carlos Barum Brod T\u00edtulo: PROJETO DE EXTENS\u00c3O COMO ESTRAT\u00c9GIA PEDAG\u00d3GICA PARA AMPLIAR A PERCEP\u00c7\u00c3O DE PERTENCIMENTO DOS ESTUDANTES DO IFSUL \u00c0S TEM\u00c1TICAS AMBIENTAIS Orientadora: Profa. Dra. Adriane [&hellip;]<\/p>\n","protected":false},"author":1,"featured_media":0,"parent":0,"menu_order":0,"comment_status":"closed","ping_status":"closed","template":"","meta":{"_editorskit_title_hidden":true,"_editorskit_reading_time":0,"_editorskit_is_block_options_detached":false,"_editorskit_block_options_position":"{}","footnotes":""},"folder":[146],"class_list":["post-1017","page","type-page","status-publish","hentry"],"_links":{"self":[{"href":"https:\/\/ppgcited.cavg.ifsul.edu.br\/index.php\/wp-json\/wp\/v2\/pages\/1017","targetHints":{"allow":["GET"]}}],"collection":[{"href":"https:\/\/ppgcited.cavg.ifsul.edu.br\/index.php\/wp-json\/wp\/v2\/pages"}],"about":[{"href":"https:\/\/ppgcited.cavg.ifsul.edu.br\/index.php\/wp-json\/wp\/v2\/types\/page"}],"author":[{"embeddable":true,"href":"https:\/\/ppgcited.cavg.ifsul.edu.br\/index.php\/wp-json\/wp\/v2\/users\/1"}],"replies":[{"embeddable":true,"href":"https:\/\/ppgcited.cavg.ifsul.edu.br\/index.php\/wp-json\/wp\/v2\/comments?post=1017"}],"version-history":[{"count":18,"href":"https:\/\/ppgcited.cavg.ifsul.edu.br\/index.php\/wp-json\/wp\/v2\/pages\/1017\/revisions"}],"predecessor-version":[{"id":2066,"href":"https:\/\/ppgcited.cavg.ifsul.edu.br\/index.php\/wp-json\/wp\/v2\/pages\/1017\/revisions\/2066"}],"wp:attachment":[{"href":"https:\/\/ppgcited.cavg.ifsul.edu.br\/index.php\/wp-json\/wp\/v2\/media?parent=1017"}],"wp:term":[{"taxonomy":"folder","embeddable":true,"href":"https:\/\/ppgcited.cavg.ifsul.edu.br\/index.php\/wp-json\/wp\/v2\/folder?post=1017"}],"curies":[{"name":"wp","href":"https:\/\/api.w.org\/{rel}","templated":true}]}}