{"id":36,"date":"2024-04-09T14:43:36","date_gmt":"2024-04-09T17:43:36","guid":{"rendered":"http:\/\/172.16.0.170\/ppgcited_sitenovo\/?page_id=36"},"modified":"2025-11-30T23:59:09","modified_gmt":"2025-12-01T02:59:09","slug":"eventos","status":"publish","type":"page","link":"https:\/\/ppgcited.cavg.ifsul.edu.br\/index.php\/eventos\/","title":{"rendered":"Eventos"},"content":{"rendered":"\n<h3 class=\"wp-block-heading has-vivid-green-cyan-color has-text-color has-link-color wp-elements-a99f824384fdba99bd6f914f04d2c1bf\">Semin\u00e1rio do PPGCITED<\/h3>\n\n\n\n<p class=\"has-text-align-justify\">O Semin\u00e1rio do PPGCITED \u00e9 um evento promovido pelo PPGCITED, previsto no Regulamento do Programa e tem como objetivo proporcionar ao estudante a apresenta\u00e7\u00e3o do andamento de sua pesquisa antes da defesa da qualifica\u00e7\u00e3o.<\/p>\n\n\n\n<div style=\"height:30px\" aria-hidden=\"true\" class=\"wp-block-spacer\"><\/div>\n\n\n\n<h4 class=\"wp-block-heading\">VI Semin\u00e1rio do PPGCITED &#8211; 2024\/02<\/h4>\n\n\n\n<ul class=\"wp-block-list\">\n<li class=\"has-small-font-size\">Apresenta\u00e7\u00f5es dos estudantes que ingressaram no Mestrado em 2025\/1<\/li>\n\n\n\n<li class=\"has-small-font-size\">Data: 28\/11 e 29\/11\/2025<\/li>\n\n\n\n<li class=\"has-small-font-size\">Local: Miniaudit\u00f3rio 3 &#8211; CaVG &#8211; IFSul<\/li>\n\n\n\n<li class=\"has-small-font-size\"><a href=\"https:\/\/ppgcited.cavg.ifsul.edu.br\/wp-content\/uploads\/2025\/11\/resumos-do-VI-Seminario-do-PPGCITED.pdf\" target=\"_blank\" rel=\"noreferrer noopener\">Programa\u00e7\u00e3o e  Resumos<\/a><\/li>\n\n\n\n<li class=\"has-small-font-size\"><a href=\"https:\/\/drive.google.com\/drive\/folders\/1VIme17s16557VlB-rbOGBIq1hpADAH5t?usp=sharing\" target=\"_blank\" rel=\"noreferrer noopener\">Fotos<\/a><\/li>\n<\/ul>\n\n\n\n<div style=\"height:15px\" aria-hidden=\"true\" class=\"wp-block-spacer\"><\/div>\n\n\n\n<div style=\"height:15px\" aria-hidden=\"true\" class=\"wp-block-spacer\"><\/div>\n\n\n\n<h4 class=\"wp-block-heading\">V Semin\u00e1rio do PPGCITED &#8211; 2024\/02<\/h4>\n\n\n\n<ul class=\"wp-block-list\">\n<li class=\"has-small-font-size\">Apresenta\u00e7\u00f5es dos estudantes que ingressaram no Mestrado em 2024\/1<\/li>\n\n\n\n<li class=\"has-small-font-size\">Data: 18\/10\/2024<\/li>\n\n\n\n<li class=\"has-small-font-size\">Local: Miniaudit\u00f3rio 3 &#8211; CaVG &#8211; IFSul<\/li>\n\n\n\n<li class=\"has-small-font-size\"><a href=\"https:\/\/ppgcited.cavg.ifsul.edu.br\/wp-content\/uploads\/2024\/11\/2.png\" target=\"_blank\" rel=\"noreferrer noopener\">Programa\u00e7\u00e3o<\/a><\/li>\n\n\n\n<li class=\"has-small-font-size\"><a href=\"https:\/\/ppgcited.cavg.ifsul.edu.br\/wp-content\/uploads\/2024\/11\/Resumos-V-Seminario-do-PPGCITED.pdf\" target=\"_blank\" rel=\"noreferrer noopener\">Resumos<\/a><\/li>\n\n\n\n<li class=\"has-small-font-size\">Fotos<\/li>\n\n\n\n<li class=\"has-small-font-size\"><a href=\"https:\/\/www.youtube.com\/playlist?list=PLBW9bHVsR6x8EgIX6MktQX8DLru3aI5tp\" target=\"_blank\" rel=\"noreferrer noopener\">YouTube<\/a><\/li>\n<\/ul>\n\n\n\n<div style=\"height:15px\" aria-hidden=\"true\" class=\"wp-block-spacer\"><\/div>\n\n\n\n<h4 class=\"wp-block-heading\">IV Semin\u00e1rio do PPGCITED &#8211; 2024\/01<\/h4>\n\n\n\n<ul class=\"wp-block-list\">\n<li class=\"has-small-font-size\">Apresenta\u00e7\u00f5es dos estudantes que ingressaram no Mestrado em 2023\/2<\/li>\n\n\n\n<li class=\"has-small-font-size\">Data: 21\/06\/2024<\/li>\n\n\n\n<li class=\"has-small-font-size\">Local: Miniaudit\u00f3rio 3 &#8211; CaVG &#8211; IFSul<\/li>\n\n\n\n<li class=\"has-small-font-size\"><a href=\"https:\/\/ppgcited.cavg.ifsul.edu.br\/wp-content\/uploads\/2024\/05\/IV_SEMINARIO_informacoes.pdf\" target=\"_blank\" aria-label=\" (opens in a new tab)\" rel=\"noreferrer noopener\" class=\"ek-link\">Informa\u00e7\u00f5es gerais<\/a><\/li>\n\n\n\n<li class=\"has-small-font-size\"><a aria-label=\" (opens in a new tab)\" href=\"https:\/\/forms.gle\/eBKLHHBQTFhQiDLy7\" target=\"_blank\" rel=\"noreferrer noopener\" class=\"ek-link\">Formul\u00e1rio para envio do resumo e da apresenta\u00e7\u00e3o at\u00e9 <\/a><a aria-label=\"Formul\u00e1rio para envio do resumo e da apresenta\u00e7\u00e3o at\u00e9 20\/10 (opens in a new tab)\" href=\"https:\/\/forms.gle\/eBKLHHBQTFhQiDLy7\" target=\"_blank\" rel=\"noreferrer noopener\" class=\"ek-link\">18\/06<\/a><\/li>\n\n\n\n<li class=\"has-small-font-size\"><a href=\"https:\/\/ppgcited.cavg.ifsul.edu.br\/index.php\/programacao-iv-seminario\/\" target=\"_blank\" aria-label=\"Programa\u00e7\u00e3o (opens in a new tab)\" rel=\"noreferrer noopener\" class=\"ek-link\">Programa\u00e7\u00e3o<\/a><\/li>\n\n\n\n<li class=\"has-small-font-size\"><a href=\"https:\/\/ppgcited.cavg.ifsul.edu.br\/wp-content\/uploads\/2024\/11\/Resumos-IV-Seminario-do-PPGCITED.pdf\" target=\"_blank\" rel=\"noreferrer noopener\">Resumos<\/a><\/li>\n\n\n\n<li class=\"has-small-font-size\">Fotos<\/li>\n\n\n\n<li class=\"has-small-font-size\"><a href=\"https:\/\/www.youtube.com\/playlist?list=PLBW9bHVsR6x_3jRgsw_QbAGFgTc6X3t83\" target=\"_blank\" rel=\"noreferrer noopener\">YouTube<\/a><\/li>\n<\/ul>\n\n\n\n<div style=\"height:30px\" aria-hidden=\"true\" class=\"wp-block-spacer\"><\/div>\n\n\n\n<h4 class=\"wp-block-heading\">III Semin\u00e1rio do PPGCITED &#8211; 2023\/02<\/h4>\n\n\n\n<ul class=\"wp-block-list\">\n<li class=\"has-small-font-size\">Apresenta\u00e7\u00f5es dos estudantes que ingressaram no Mestrado em 2023\/1<\/li>\n\n\n\n<li class=\"has-small-font-size\">Data: 27\/10\/2023<\/li>\n\n\n\n<li class=\"has-small-font-size\">Local: Miniaudit\u00f3rio 3 &#8211; CaVG &#8211; IFSul<\/li>\n\n\n\n<li class=\"has-small-font-size\"><a href=\"https:\/\/ppgcited.cavg.ifsul.edu.br\/wp-content\/uploads\/2024\/04\/III_SEMINARIO_informacoes.pdf\" target=\"_blank\" aria-label=\"Informa\u00e7\u00f5es gerais (opens in a new tab)\" rel=\"noreferrer noopener\" class=\"ek-link\">Informa\u00e7\u00f5es gerais<\/a><\/li>\n\n\n\n<li class=\"has-small-font-size\"><a href=\"https:\/\/docs.google.com\/forms\/d\/e\/1FAIpQLSewmDQv9zJl-1VWZs3oMrqwRsXLf0Hy25IuIk5Z39EgKftaaQ\/closedform\" target=\"_blank\" aria-label=\"Formul\u00e1rio para envio do resumo e da apresenta\u00e7\u00e3o at\u00e9 20\/10 (opens in a new tab)\" rel=\"noreferrer noopener\" class=\"ek-link\">Formul\u00e1rio para envio do resumo e da apresenta\u00e7\u00e3o at\u00e9 20\/10<\/a><\/li>\n\n\n\n<li class=\"has-small-font-size\"><a href=\"https:\/\/ppgcited.cavg.ifsul.edu.br\/wp-content\/uploads\/2024\/04\/III_SEMINARIO_programacao.pdf\" target=\"_blank\" aria-label=\"Programa\u00e7\u00e3o (opens in a new tab)\" rel=\"noreferrer noopener\" class=\"ek-link\">Programa\u00e7\u00e3o<\/a><\/li>\n\n\n\n<li class=\"has-small-font-size\"><a href=\"https:\/\/ppgcited.cavg.ifsul.edu.br\/wp-content\/uploads\/2024\/04\/III_SEMINARIO_resumos.pdf\" target=\"_blank\" aria-label=\"Resumos (opens in a new tab)\" rel=\"noreferrer noopener\" class=\"ek-link\">Resumos<\/a><\/li>\n\n\n\n<li class=\"has-small-font-size\"><a href=\"https:\/\/drive.google.com\/drive\/folders\/1coKNj_9r3_ySCHUm9orcDnbPjQ_ktFv5\" target=\"_blank\" aria-label=\"Fotos (opens in a new tab)\" rel=\"noreferrer noopener\" class=\"ek-link\">Fotos<\/a><\/li>\n\n\n\n<li class=\"has-small-font-size\"><a href=\"https:\/\/www.youtube.com\/playlist?list=PLBW9bHVsR6x-SgQwFgJAFSH_gImFdlibh\" target=\"_blank\" aria-label=\"YouTube (opens in a new tab)\" rel=\"noreferrer noopener\" class=\"ek-link\">YouTube<\/a><\/li>\n<\/ul>\n\n\n\n<h4 class=\"wp-block-heading\">II Semin\u00e1rio do PPGCITED &#8211; 2023\/01<\/h4>\n\n\n\n<ul class=\"wp-block-list\">\n<li class=\"has-small-font-size\">Apresenta\u00e7\u00f5es dos estudantes que ingressaram no Mestrado em 2022\/2 e na Especializa\u00e7\u00e3o em 2021\/2 e 2022\/2<\/li>\n\n\n\n<li class=\"has-small-font-size\">Data: 19\/05\/2023<\/li>\n\n\n\n<li class=\"has-small-font-size\">Local: Miniaudit\u00f3rio 1 &#8211; CaVG &#8211; IFSul<\/li>\n\n\n\n<li class=\"has-small-font-size\"><a href=\"https:\/\/ppgcited.cavg.ifsul.edu.br\/wp-content\/uploads\/2024\/04\/II_SEMINARIO_informacoes.pdf\" target=\"_blank\" aria-label=\"Informa\u00e7\u00f5es gerais (opens in a new tab)\" rel=\"noreferrer noopener\" class=\"ek-link\">Informa\u00e7\u00f5es gerais<\/a><\/li>\n\n\n\n<li class=\"has-small-font-size\"><a href=\"https:\/\/docs.google.com\/forms\/d\/e\/1FAIpQLSeosJMs3X-Z26O8NU72kFIX8AbpXRQ_kgIuPLUpJbo8RWbGUA\/viewform\" target=\"_blank\" aria-label=\"Formul\u00e1rio para envio do resumo e da apresenta\u00e7\u00e3o at\u00e9 12\/05 (opens in a new tab)\" rel=\"noreferrer noopener\" class=\"ek-link\">Formul\u00e1rio para envio do resumo e da apresenta\u00e7\u00e3o at\u00e9 12\/05<\/a><\/li>\n\n\n\n<li class=\"has-small-font-size\"><a href=\"https:\/\/ppgcited.cavg.ifsul.edu.br\/wp-content\/uploads\/2024\/04\/II_SEMINARIO_programacao.jpg\" target=\"_blank\" aria-label=\"Programa\u00e7\u00e3o (opens in a new tab)\" rel=\"noreferrer noopener\" class=\"ek-link\">Programa\u00e7\u00e3o<\/a><\/li>\n\n\n\n<li class=\"has-small-font-size\"><a href=\"https:\/\/ppgcited.cavg.ifsul.edu.br\/wp-content\/uploads\/2024\/04\/II_SEMINARIO_resumos.pdf\" target=\"_blank\" aria-label=\"Resumos (opens in a new tab)\" rel=\"noreferrer noopener\" class=\"ek-link\">Resumos<\/a><\/li>\n\n\n\n<li class=\"has-small-font-size\"><a href=\"https:\/\/ppgcited.cavg.ifsul.edu.br\/index.php\/ii-seminario-fotos2\/\" target=\"_blank\" aria-label=\" (opens in a new tab)\" rel=\"noreferrer noopener\" class=\"ek-link\">Fotos<\/a><\/li>\n\n\n\n<li class=\"has-small-font-size\"><a href=\"https:\/\/www.youtube.com\/playlist?list=PLBW9bHVsR6x-u8z051FRtDNpqg8r6OWIE\" target=\"_blank\" aria-label=\"YouTube (opens in a new tab)\" rel=\"noreferrer noopener\" class=\"ek-link\">YouTube<\/a><\/li>\n<\/ul>\n\n\n\n<h4 class=\"wp-block-heading\">I Semin\u00e1rio do PPGCITED &#8211; 2022<\/h4>\n\n\n\n<ul class=\"wp-block-list\">\n<li class=\"has-small-font-size\">Apresenta\u00e7\u00f5es dos estudantes que ingressaram no Mestrado em 2021\/2 e 2022\/1<\/li>\n\n\n\n<li class=\"has-small-font-size\">Data: 30\/09\/2022 e 07\/10\/2022<\/li>\n\n\n\n<li class=\"has-small-font-size\">Local: Miniaudit\u00f3rio 1 &#8211; CaVG &#8211; IFSul<\/li>\n\n\n\n<li class=\"has-small-font-size\"><a href=\"https:\/\/ppgcited.cavg.ifsul.edu.br\/wp-content\/uploads\/2024\/04\/I_SEMINARIO_informacoes.pdf\" target=\"_blank\" aria-label=\"Informa\u00e7\u00f5es gerais (opens in a new tab)\" rel=\"noreferrer noopener\" class=\"ek-link\">Informa\u00e7\u00f5es gerais<\/a><\/li>\n\n\n\n<li class=\"has-small-font-size\"><a href=\"https:\/\/docs.google.com\/forms\/d\/e\/1FAIpQLSddEcEfXALaHQDgelpvVwrHDLdQw8WabDXJDd5V4E_syAi7RQ\/closedform\" target=\"_blank\" aria-label=\"Formul\u00e1rio para envio do resumo e da apresenta\u00e7\u00e3o at\u00e9 22\/09 (opens in a new tab)\" rel=\"noreferrer noopener\" class=\"ek-link\">Formul\u00e1rio para envio do resumo e da apresenta\u00e7\u00e3o at\u00e9 22\/09<\/a><\/li>\n\n\n\n<li class=\"has-small-font-size\"><a href=\"https:\/\/ppgcited.cavg.ifsul.edu.br\/wp-content\/uploads\/2024\/04\/I_SEMINARIO_programacao.pdf\" class=\"ek-link\">Programa\u00e7\u00e3o<\/a><\/li>\n\n\n\n<li class=\"has-small-font-size\"><a href=\"https:\/\/ppgcited.cavg.ifsul.edu.br\/wp-content\/uploads\/2024\/04\/I_SEMINARIO_resumos.pdf\" target=\"_blank\" aria-label=\"Resumos (opens in a new tab)\" rel=\"noreferrer noopener\" class=\"ek-link\">Resumos<\/a><\/li>\n\n\n\n<li class=\"has-small-font-size\"><a href=\"https:\/\/ppgcited.cavg.ifsul.edu.br\/index.php\/i-seminario-fotos\/\" target=\"_blank\" aria-label=\"Fotos (opens in a new tab)\" rel=\"noreferrer noopener\" class=\"ek-link\">Fotos<\/a><\/li>\n\n\n\n<li class=\"has-small-font-size\"><a href=\"https:\/\/www.youtube.com\/playlist?list=PLBW9bHVsR6x9zTjVQI16k2D98cHc2YPgq\" target=\"_blank\" aria-label=\"YouTube (opens in a new tab)\" rel=\"noreferrer noopener\" class=\"ek-link\">YouTube<\/a><\/li>\n<\/ul>\n\n\n\n<hr class=\"wp-block-separator has-alpha-channel-opacity\"\/>\n\n\n\n<p><\/p>\n\n\n\n<h3 class=\"wp-block-heading has-vivid-green-cyan-color has-text-color has-link-color wp-elements-e627638437722d10b708f08a1b45926a\"><a href=\"https:\/\/www.upf.br\/mostragaucha\/principal\" target=\"_blank\" aria-label=\"Mostra Ga\u00facha de Produtos Educacionais (opens in a new tab)\" rel=\"noreferrer noopener\" class=\"ek-link\">Mostra Ga\u00facha de Produtos Educacionais<\/a><\/h3>\n\n\n\n<p class=\"has-text-align-justify\">A Mostra Ga\u00facha de Produtos Educacionais \u00e9 uma iniciativa dos programas profissionais do estado do Rio Grande do Sul e tem por objetivo apresentar, avaliar e validar produtos educacionais relacionados a pr\u00e1ticas educativas nas \u00e1reas de ensino de F\u00edsica, Qu\u00edmica, Biologia, Matem\u00e1tica, Pedagogia, Engenharia e afins. Al\u00e9m disso, o evento busca promover um espa\u00e7o de reflex\u00f5es e discuss\u00f5es relacionadas a produ\u00e7\u00e3o de produtos educacionais no \u00e2mbito dos programas profissionais e seu papel e repercuss\u00e3o no sistema educacional.<\/p>\n\n\n\n<p><strong>A pr\u00f3xima Mostra ser\u00e1 realizada na URI &#8211; Santo \u00c2ngelo de 26 a 28 de junho de 2024.<\/strong><\/p>\n\n\n\n<hr class=\"wp-block-separator has-alpha-channel-opacity\"\/>\n\n\n\n<p><\/p>\n\n\n\n<h3 class=\"wp-block-heading has-vivid-green-cyan-color has-text-color has-link-color wp-elements-f0fb77b2fa4c90410d43bf1cff426d94\">Simp\u00f3sio Sul-rio-grandense de Professores de Ci\u00eancias e Matem\u00e1tica<\/h3>\n\n\n\n<p class=\"has-text-align-justify\">O Simp\u00f3sio Sul-rio-grandense \u00e9 um evento organizado pelo N\u00facleo de Estudos em Ci\u00eancias e Matem\u00e1tica (NECIM) do CaVG\/IFSul e pelo PPGCITED, e tem como objetivo de possibilitar um espa\u00e7o para debate e socializa\u00e7\u00e3o de experi\u00eancias did\u00e1ticas e pedag\u00f3gicas entre professores da Educa\u00e7\u00e3o B\u00e1sica, dando voz ao professor na forma de Relatos de Experi\u00eancias em comunica\u00e7\u00f5es orais. O evento possibilita ainda momentos de palestras plen\u00e1rias com temas relevantes para a Educa\u00e7\u00e3o B\u00e1sica.<\/p>\n\n\n\n<hr class=\"wp-block-separator has-alpha-channel-opacity\"\/>\n\n\n\n<p><\/p>\n\n\n\n<h3 class=\"wp-block-heading has-vivid-green-cyan-color has-text-color has-link-color wp-elements-68f50e57a82fcb2a76d126d9b5bd4b00\">F\u00f3rum da P\u00f3s-gradua\u00e7\u00e3o do PPGCITED<\/h3>\n\n\n\n<p class=\"has-text-align-justify\">O F\u00f3rum da P\u00f3s-gradua\u00e7\u00e3o \u00e9 um evento organizado para debate e socializa\u00e7\u00e3o das atividades de p\u00f3s-gradua\u00e7\u00e3o desenvolvidas pelos estudantes do PPGCITED e de outros Programas de p\u00f3s-gradua\u00e7\u00e3o. Este espa\u00e7o serve tamb\u00e9m para que alunos e professores possam debater e aprofundar os projetos de pesquisa em desenvolvimento no \u00e2mbito dos Programas de P\u00f3s-gradua\u00e7\u00e3o.<\/p>\n\n\n\n<hr class=\"wp-block-separator has-alpha-channel-opacity\"\/>\n\n\n\n<p><\/p>\n\n\n\n<h3 class=\"wp-block-heading has-vivid-green-cyan-color has-text-color has-link-color wp-elements-86de56615c80633f2b21325253517fca\">Feira de Ci\u00eancias e Mais Saberes (FECIMES)<\/h3>\n\n\n\n<p class=\"has-text-align-justify\">A Fecimes \u00e9 um evento organizado pelo NECIM e tem como objetivos proporcionar aos alunos, professores e futuros professores da Educa\u00e7\u00e3o B\u00e1sica p\u00fablica a oportunidade de contextualizar o conhecimento produzido no ambiente escolar e difundir a ci\u00eancia; estimular novos talentos nas \u00e1reas cient\u00edfica e tecnol\u00f3gica; fortalecer habilidades dos estudantes por meio da viv\u00eancia de experi\u00eancias do processo de investiga\u00e7\u00e3o e do estudo de temas que respondam a necessidades e interesses dos mesmos.<\/p>\n","protected":false},"excerpt":{"rendered":"<p>Semin\u00e1rio do PPGCITED O Semin\u00e1rio do PPGCITED \u00e9 um evento promovido pelo PPGCITED, previsto no Regulamento do Programa e tem como objetivo proporcionar ao estudante a apresenta\u00e7\u00e3o do andamento de [&hellip;]<\/p>\n","protected":false},"author":1,"featured_media":0,"parent":0,"menu_order":0,"comment_status":"closed","ping_status":"closed","template":"","meta":{"_editorskit_title_hidden":false,"_editorskit_reading_time":0,"_editorskit_is_block_options_detached":false,"_editorskit_block_options_position":"{}","footnotes":""},"folder":[],"class_list":["post-36","page","type-page","status-publish","hentry"],"_links":{"self":[{"href":"https:\/\/ppgcited.cavg.ifsul.edu.br\/index.php\/wp-json\/wp\/v2\/pages\/36","targetHints":{"allow":["GET"]}}],"collection":[{"href":"https:\/\/ppgcited.cavg.ifsul.edu.br\/index.php\/wp-json\/wp\/v2\/pages"}],"about":[{"href":"https:\/\/ppgcited.cavg.ifsul.edu.br\/index.php\/wp-json\/wp\/v2\/types\/page"}],"author":[{"embeddable":true,"href":"https:\/\/ppgcited.cavg.ifsul.edu.br\/index.php\/wp-json\/wp\/v2\/users\/1"}],"replies":[{"embeddable":true,"href":"https:\/\/ppgcited.cavg.ifsul.edu.br\/index.php\/wp-json\/wp\/v2\/comments?post=36"}],"version-history":[{"count":30,"href":"https:\/\/ppgcited.cavg.ifsul.edu.br\/index.php\/wp-json\/wp\/v2\/pages\/36\/revisions"}],"predecessor-version":[{"id":2478,"href":"https:\/\/ppgcited.cavg.ifsul.edu.br\/index.php\/wp-json\/wp\/v2\/pages\/36\/revisions\/2478"}],"wp:attachment":[{"href":"https:\/\/ppgcited.cavg.ifsul.edu.br\/index.php\/wp-json\/wp\/v2\/media?parent=36"}],"wp:term":[{"taxonomy":"folder","embeddable":true,"href":"https:\/\/ppgcited.cavg.ifsul.edu.br\/index.php\/wp-json\/wp\/v2\/folder?post=36"}],"curies":[{"name":"wp","href":"https:\/\/api.w.org\/{rel}","templated":true}]}}